{"id":24471,"date":"2024-07-04T10:04:18","date_gmt":"2024-07-04T10:04:18","guid":{"rendered":"https:\/\/www.sinchisinchi.com\/producto\/cacao-ceremonial-du-guatemala\/"},"modified":"2024-07-04T10:04:18","modified_gmt":"2024-07-04T10:04:18","slug":"cacao-ceremonial-du-guatemala","status":"publish","type":"product","link":"https:\/\/www.sinchisinchi.com\/fr\/producto\/cacao-ceremonial-du-guatemala\/","title":{"rendered":"Cacao c\u00e9r\u00e9monial du Guatemala"},"content":{"rendered":"<h2 style=\"text-align: center;\"><strong>Cacao Q&rsquo;eqchi&rsquo;<\/strong><\/h2>\n<p>Le Kakaw est une boisson ancienne du peuple maya Q&rsquo;eqchi&rsquo;, qui est utilis\u00e9e dans de nombreuses c\u00e9r\u00e9monies mayas.<\/p>\n<p>Dans la r\u00e9gion montagneuse d&rsquo;Alta Verapaz au Guatemala, les agriculteurs indig\u00e8nes Q&rsquo;eqchi cultivent l&rsquo;un des meilleurs cacaos du monde.<\/p>\n<p>Dans l&rsquo;\u00e9cor\u00e9gion de Lachu\u00e1 se trouve une belle lagune consid\u00e9r\u00e9e comme parc national depuis 1976 : la lagune de Lachu\u00e1, autour de laquelle vivent de nombreuses familles mayas Q&rsquo;eqchi&rsquo;, d\u00e9di\u00e9es principalement \u00e0 la culture du cacao.<\/p>\n<h3 style=\"text-align: center;\"><strong>Peuple autochtone Q&rsquo;eqchi&rsquo;<\/strong><\/h3>\n<p>Les Q\u2019eqchi\u2019 sont un peuple maya qui existe encore au Guatemala. Ils se sont install\u00e9s autour de quelques collines pr\u00e8s des rivi\u00e8res Chixoy et Polochic vers l&rsquo;an 600 av. J.-C., et ont eu des contacts avec d&rsquo;anciennes civilisations telles que les Pipil, les Tolt\u00e8ques, les Chichim\u00e8ques et les grandes cit\u00e9s mayas.<\/p>\n<p>Jusqu&rsquo;\u00e0 l&rsquo;arriv\u00e9e des Espagnols, ils \u00e9taient gouvern\u00e9s par des chefs qui d\u00e9pendaient \u00e0 leur tour d&rsquo;un grand seigneur \u00e9lu par tous les principaux.<\/p>\n<p>Les sites arch\u00e9ologiques pr\u00e9sentant des traces de construction en pierre de jateado sont Chajkar, Chimax, Chinama, Ku\u2019k\u2019uch \u00e0 Chinapet\u00e9n et derri\u00e8re le calvaire de San Pedro Carch\u00e1. Le Calvaire de Cob\u00e1n est l&rsquo;un des centres c\u00e9r\u00e9moniels mayas les plus importants.<\/p>\n<p>L&rsquo;activit\u00e9 \u00e9conomique principale est repr\u00e9sent\u00e9e par l&rsquo;agriculture ; On y cultive du ma\u00efs et des haricots, qui constituent l&rsquo;alimentation familiale, compl\u00e9t\u00e9e par l&rsquo;\u00e9levage d&rsquo;oiseaux, de porcs et d&rsquo;autres animaux domestiques.<\/p>\n<p>Son nom s\u2019\u00e9crit Kekch\u00ed (selon l\u2019orthographe actuelle), ou Q\u2019eqchi\u2019 (selon l\u2019ancienne orthographe).<\/p>\n<p>&nbsp;<\/p>\n<h3 style=\"text-align: center;\"><strong>Peuple autochtone Mopan<\/strong><\/h3>\n<p>Le peuple Mop\u00e1n est l&rsquo;un des peuples mayas du Belize et du Guatemala dans le d\u00e9partement du Pet\u00e9n. Leur langue indig\u00e8ne est \u00e9galement appel\u00e9e mop\u00e1n, et est l&rsquo;une des langues mayas yucat\u00e8ques du Mexique, consid\u00e9r\u00e9e comme une langue en voie de disparition.<\/p>\n<p>Leur r\u00e9gime alimentaire est bas\u00e9 sur le ma\u00efs, dont sont d\u00e9riv\u00e9es de nombreuses recettes traditionnelles : nuk (petit pain), tait (tamale de ma\u00efs), k&rsquo;a k&rsquo;aan ek&rsquo;en (chardon cellulaire fum\u00e9), chu&rsquo; uk wa (pain grill\u00e9 sucr\u00e9). ).<\/p>\n<p>La communaut\u00e9 de Mop\u00e1n est sp\u00e9cialis\u00e9e dans la broderie sur tissu, qu&rsquo;elle utilise pour fabriquer des chemises, des chemisiers, des sacs, des porte-pinceaux, des nappes et des taies d&rsquo;oreiller. Du tissu Dacron, de la laine et du fil sont utilis\u00e9s pour cr\u00e9er des broderies.<\/p>\n<p>La langue Mop\u00e1n fait partie de la famille des langues mayas du Mexique. Bien qu&rsquo;elle ait subi un d\u00e9clin en raison de l&rsquo;influence de l&rsquo;espagnol et de l&rsquo;anglais, elle est toujours parl\u00e9e dans de nombreuses communaut\u00e9s Mopan. Parmi les mots les plus courants \u00e0 Mop\u00e1n, on trouve \u00ab K\u2019iche\u2019 \u00bb (for\u00eat), \u00ab No\u2019j \u00bb (sagesse) et \u00ab Tz\u2019ikin \u00bb (oiseau). La pr\u00e9servation de leur langue est consid\u00e9r\u00e9e comme un \u00e9l\u00e9ment crucial pour la survie de leur culture.<\/p>\n<p>Aujourd\u2019hui, les Mopan sont confront\u00e9s \u00e0 de nombreux d\u00e9fis, notamment pr\u00e9server leur culture et leurs terres face \u00e0 la modernisation et \u00e0 la mondialisation, maintenir vivantes leurs traditions et leur langue et s\u2019adapter au changement sans perdre leur essence.<\/p>\n<p>La vision du monde de Mop\u00e1n consid\u00e8re le monde comme une entit\u00e9 interconnect\u00e9e o\u00f9 chaque \u00e9l\u00e9ment, qu\u2019il soit humain, animal ou naturel, a un r\u00f4le vital. Cette vision du monde influence tous les aspects de leur vie, de l\u2019agriculture aux relations sociales.<\/p>\n","protected":false},"excerpt":{"rendered":"<p>Cacao 100 % pur de qualit\u00e9 c\u00e9r\u00e9monielle, issu des familles mayas autochtones Q&rsquo;eqchi.<\/p>\n<p>Ce cacao de qualit\u00e9 c\u00e9r\u00e9monielle est cultiv\u00e9 et r\u00e9colt\u00e9 par les familles mayas indig\u00e8nes Q&rsquo;eqchi&rsquo;, dont beaucoup se trouvent dans les hautes terres guat\u00e9malt\u00e8ques autour de Laguna Lachu\u00e1, un magnifique c\u00e9note.<\/p>\n<p>Les Mayas cultivaient le cacao depuis des milliers d&rsquo;ann\u00e9es en parfaite harmonie avec le miel, la cardamome et le ma\u00efs.<\/p>\n<p>Les communaut\u00e9s indig\u00e8nes Q&rsquo;eqchi&rsquo; sont les gardiennes du caract\u00e8re sacr\u00e9 du cacao et pr\u00e9servent les c\u00e9r\u00e9monies ancestrales du feu et du cacao depuis des milliers d&rsquo;ann\u00e9es.<\/p>\n<p>&nbsp;<\/p>\n<p><strong>Type:<\/strong> Cacao de qualit\u00e9 c\u00e9r\u00e9monielle.<\/p>\n<p><strong>Ingr\u00e9dients:<\/strong> Cacao de qualit\u00e9 c\u00e9r\u00e9monielle, poivre de Cayenne, cannelle de Ceylan et vanille.<\/p>\n<p><strong>Origine:<\/strong> tribus mayas du sud du Belize.<\/p>\n<p><strong>Pr\u00e9sentation:<\/strong> Bloc de cacao.<\/p>\n<p><strong>Taille:<\/strong> 500 grammes.<\/p>\n<p><strong>Conservation:<\/strong> Conserver dans un endroit frais et sec, \u00e0 l\u2019abri de la lumi\u00e8re directe du soleil.<\/p>\n","protected":false},"featured_media":24472,"template":"","meta":{"_joinchat":[]},"product_brand":[],"product_cat":[672,673,671],"product_tag":[],"class_list":{"0":"post-24471","1":"product","2":"type-product","3":"status-publish","4":"has-post-thumbnail","6":"product_cat-cacao-fr","7":"product_cat-ceremonial-fr","8":"product_cat-plusieurs","10":"first","11":"instock","12":"taxable","13":"shipping-taxable","14":"purchasable","15":"product-type-simple"},"yoast_head":"<!-- This site is optimized with the Yoast SEO plugin v27.4 - https:\/\/yoast.com\/product\/yoast-seo-wordpress\/ -->\n<title>Cacao c\u00e9r\u00e9moniel du Guatemala: Sinchi, tente chamanique<\/title>\n<meta name=\"description\" content=\"Ce cacao de qualit\u00e9 c\u00e9r\u00e9monielle est cultiv\u00e9 et r\u00e9colt\u00e9 par les familles mayas indig\u00e8nes Q&#039;eqchi&#039; autour de Laguna Lachu\u00e1.\" \/>\n<meta name=\"robots\" content=\"index, follow, max-snippet:-1, max-image-preview:large, max-video-preview:-1\" \/>\n<link rel=\"canonical\" href=\"https:\/\/www.sinchisinchi.com\/fr\/producto\/cacao-ceremonial-du-guatemala\/\" \/>\n<meta property=\"og:locale\" content=\"fr_FR\" \/>\n<meta property=\"og:type\" content=\"article\" \/>\n<meta property=\"og:title\" content=\"Cacao c\u00e9r\u00e9moniel du Guatemala: Sinchi, tente chamanique\" \/>\n<meta property=\"og:description\" content=\"Ce cacao de qualit\u00e9 c\u00e9r\u00e9monielle est cultiv\u00e9 et r\u00e9colt\u00e9 par les familles mayas indig\u00e8nes Q&#039;eqchi&#039; autour de Laguna Lachu\u00e1.\" \/>\n<meta property=\"og:url\" content=\"https:\/\/www.sinchisinchi.com\/fr\/producto\/cacao-ceremonial-du-guatemala\/\" \/>\n<meta property=\"og:site_name\" content=\"SINCHI RAP\u00c9\" \/>\n<meta property=\"article:publisher\" content=\"https:\/\/www.facebook.com\/sinchirape\/\" \/>\n<meta property=\"og:image\" content=\"https:\/\/www.sinchisinchi.com\/wp-content\/uploads\/2024\/05\/2-Cacao-Ceremonial1-1-1024x683-copia.jpg\" \/>\n\t<meta property=\"og:image:width\" content=\"1024\" \/>\n\t<meta property=\"og:image:height\" content=\"683\" \/>\n\t<meta property=\"og:image:type\" content=\"image\/jpeg\" \/>\n<meta name=\"twitter:card\" content=\"summary_large_image\" \/>\n<meta name=\"twitter:label1\" content=\"Dur\u00e9e de lecture estim\u00e9e\" \/>\n\t<meta name=\"twitter:data1\" content=\"3 minutes\" \/>\n<script type=\"application\/ld+json\" class=\"yoast-schema-graph\">{\"@context\":\"https:\\\/\\\/schema.org\",\"@graph\":[{\"@type\":\"WebPage\",\"@id\":\"https:\\\/\\\/www.sinchisinchi.com\\\/fr\\\/producto\\\/cacao-ceremonial-du-guatemala\\\/\",\"url\":\"https:\\\/\\\/www.sinchisinchi.com\\\/fr\\\/producto\\\/cacao-ceremonial-du-guatemala\\\/\",\"name\":\"Cacao c\u00e9r\u00e9moniel du Guatemala: Sinchi, tente chamanique\",\"isPartOf\":{\"@id\":\"https:\\\/\\\/www.sinchisinchi.com\\\/fr\\\/#website\"},\"primaryImageOfPage\":{\"@id\":\"https:\\\/\\\/www.sinchisinchi.com\\\/fr\\\/producto\\\/cacao-ceremonial-du-guatemala\\\/#primaryimage\"},\"image\":{\"@id\":\"https:\\\/\\\/www.sinchisinchi.com\\\/fr\\\/producto\\\/cacao-ceremonial-du-guatemala\\\/#primaryimage\"},\"thumbnailUrl\":\"https:\\\/\\\/www.sinchisinchi.com\\\/wp-content\\\/uploads\\\/2024\\\/05\\\/2-Cacao-Ceremonial1-1-1024x683-copia.jpg\",\"datePublished\":\"2024-07-04T10:04:18+00:00\",\"description\":\"Ce cacao de qualit\u00e9 c\u00e9r\u00e9monielle est cultiv\u00e9 et r\u00e9colt\u00e9 par les familles mayas indig\u00e8nes Q'eqchi' autour de Laguna Lachu\u00e1.\",\"breadcrumb\":{\"@id\":\"https:\\\/\\\/www.sinchisinchi.com\\\/fr\\\/producto\\\/cacao-ceremonial-du-guatemala\\\/#breadcrumb\"},\"inLanguage\":\"fr-FR\",\"potentialAction\":[{\"@type\":\"ReadAction\",\"target\":[\"https:\\\/\\\/www.sinchisinchi.com\\\/fr\\\/producto\\\/cacao-ceremonial-du-guatemala\\\/\"]}]},{\"@type\":\"ImageObject\",\"inLanguage\":\"fr-FR\",\"@id\":\"https:\\\/\\\/www.sinchisinchi.com\\\/fr\\\/producto\\\/cacao-ceremonial-du-guatemala\\\/#primaryimage\",\"url\":\"https:\\\/\\\/www.sinchisinchi.com\\\/wp-content\\\/uploads\\\/2024\\\/05\\\/2-Cacao-Ceremonial1-1-1024x683-copia.jpg\",\"contentUrl\":\"https:\\\/\\\/www.sinchisinchi.com\\\/wp-content\\\/uploads\\\/2024\\\/05\\\/2-Cacao-Ceremonial1-1-1024x683-copia.jpg\",\"width\":1024,\"height\":683},{\"@type\":\"BreadcrumbList\",\"@id\":\"https:\\\/\\\/www.sinchisinchi.com\\\/fr\\\/producto\\\/cacao-ceremonial-du-guatemala\\\/#breadcrumb\",\"itemListElement\":[{\"@type\":\"ListItem\",\"position\":1,\"name\":\"Prima pagina\",\"item\":\"https:\\\/\\\/www.sinchisinchi.com\\\/fr\\\/\"},{\"@type\":\"ListItem\",\"position\":2,\"name\":\"Produits\",\"item\":\"https:\\\/\\\/www.sinchisinchi.com\\\/fr\\\/shop\\\/\"},{\"@type\":\"ListItem\",\"position\":3,\"name\":\"Cacao c\u00e9r\u00e9monial du Guatemala\"}]},{\"@type\":\"WebSite\",\"@id\":\"https:\\\/\\\/www.sinchisinchi.com\\\/fr\\\/#website\",\"url\":\"https:\\\/\\\/www.sinchisinchi.com\\\/fr\\\/\",\"name\":\"SINCHI\",\"description\":\"Sinchi Medicine\",\"publisher\":{\"@id\":\"https:\\\/\\\/www.sinchisinchi.com\\\/fr\\\/#organization\"},\"potentialAction\":[{\"@type\":\"SearchAction\",\"target\":{\"@type\":\"EntryPoint\",\"urlTemplate\":\"https:\\\/\\\/www.sinchisinchi.com\\\/fr\\\/?s={search_term_string}\"},\"query-input\":{\"@type\":\"PropertyValueSpecification\",\"valueRequired\":true,\"valueName\":\"search_term_string\"}}],\"inLanguage\":\"fr-FR\"},{\"@type\":\"Organization\",\"@id\":\"https:\\\/\\\/www.sinchisinchi.com\\\/fr\\\/#organization\",\"name\":\"SINCHI S.L\",\"url\":\"https:\\\/\\\/www.sinchisinchi.com\\\/fr\\\/\",\"logo\":{\"@type\":\"ImageObject\",\"inLanguage\":\"fr-FR\",\"@id\":\"https:\\\/\\\/www.sinchisinchi.com\\\/fr\\\/#\\\/schema\\\/logo\\\/image\\\/\",\"url\":\"https:\\\/\\\/www.sinchisinchi.com\\\/wp-content\\\/uploads\\\/2026\\\/01\\\/3b-Verde-SIMPLIFICADO-HORIZONTAL-F-TRANSPARENTE-scaled.png\",\"contentUrl\":\"https:\\\/\\\/www.sinchisinchi.com\\\/wp-content\\\/uploads\\\/2026\\\/01\\\/3b-Verde-SIMPLIFICADO-HORIZONTAL-F-TRANSPARENTE-scaled.png\",\"width\":2560,\"height\":457,\"caption\":\"SINCHI S.L\"},\"image\":{\"@id\":\"https:\\\/\\\/www.sinchisinchi.com\\\/fr\\\/#\\\/schema\\\/logo\\\/image\\\/\"},\"sameAs\":[\"https:\\\/\\\/www.facebook.com\\\/sinchirape\\\/\",\"https:\\\/\\\/www.instagram.com\\\/sinchi_rape\\\/\"]}]}<\/script>\n<!-- \/ Yoast SEO plugin. -->","yoast_head_json":{"title":"Cacao c\u00e9r\u00e9moniel du Guatemala: Sinchi, tente chamanique","description":"Ce cacao de qualit\u00e9 c\u00e9r\u00e9monielle est cultiv\u00e9 et r\u00e9colt\u00e9 par les familles mayas indig\u00e8nes Q'eqchi' autour de Laguna Lachu\u00e1.","robots":{"index":"index","follow":"follow","max-snippet":"max-snippet:-1","max-image-preview":"max-image-preview:large","max-video-preview":"max-video-preview:-1"},"canonical":"https:\/\/www.sinchisinchi.com\/fr\/producto\/cacao-ceremonial-du-guatemala\/","og_locale":"fr_FR","og_type":"article","og_title":"Cacao c\u00e9r\u00e9moniel du Guatemala: Sinchi, tente chamanique","og_description":"Ce cacao de qualit\u00e9 c\u00e9r\u00e9monielle est cultiv\u00e9 et r\u00e9colt\u00e9 par les familles mayas indig\u00e8nes Q'eqchi' autour de Laguna Lachu\u00e1.","og_url":"https:\/\/www.sinchisinchi.com\/fr\/producto\/cacao-ceremonial-du-guatemala\/","og_site_name":"SINCHI RAP\u00c9","article_publisher":"https:\/\/www.facebook.com\/sinchirape\/","og_image":[{"width":1024,"height":683,"url":"https:\/\/www.sinchisinchi.com\/wp-content\/uploads\/2024\/05\/2-Cacao-Ceremonial1-1-1024x683-copia.jpg","type":"image\/jpeg"}],"twitter_card":"summary_large_image","twitter_misc":{"Dur\u00e9e de lecture estim\u00e9e":"3 minutes"},"schema":{"@context":"https:\/\/schema.org","@graph":[{"@type":"WebPage","@id":"https:\/\/www.sinchisinchi.com\/fr\/producto\/cacao-ceremonial-du-guatemala\/","url":"https:\/\/www.sinchisinchi.com\/fr\/producto\/cacao-ceremonial-du-guatemala\/","name":"Cacao c\u00e9r\u00e9moniel du Guatemala: Sinchi, tente chamanique","isPartOf":{"@id":"https:\/\/www.sinchisinchi.com\/fr\/#website"},"primaryImageOfPage":{"@id":"https:\/\/www.sinchisinchi.com\/fr\/producto\/cacao-ceremonial-du-guatemala\/#primaryimage"},"image":{"@id":"https:\/\/www.sinchisinchi.com\/fr\/producto\/cacao-ceremonial-du-guatemala\/#primaryimage"},"thumbnailUrl":"https:\/\/www.sinchisinchi.com\/wp-content\/uploads\/2024\/05\/2-Cacao-Ceremonial1-1-1024x683-copia.jpg","datePublished":"2024-07-04T10:04:18+00:00","description":"Ce cacao de qualit\u00e9 c\u00e9r\u00e9monielle est cultiv\u00e9 et r\u00e9colt\u00e9 par les familles mayas indig\u00e8nes Q'eqchi' autour de Laguna Lachu\u00e1.","breadcrumb":{"@id":"https:\/\/www.sinchisinchi.com\/fr\/producto\/cacao-ceremonial-du-guatemala\/#breadcrumb"},"inLanguage":"fr-FR","potentialAction":[{"@type":"ReadAction","target":["https:\/\/www.sinchisinchi.com\/fr\/producto\/cacao-ceremonial-du-guatemala\/"]}]},{"@type":"ImageObject","inLanguage":"fr-FR","@id":"https:\/\/www.sinchisinchi.com\/fr\/producto\/cacao-ceremonial-du-guatemala\/#primaryimage","url":"https:\/\/www.sinchisinchi.com\/wp-content\/uploads\/2024\/05\/2-Cacao-Ceremonial1-1-1024x683-copia.jpg","contentUrl":"https:\/\/www.sinchisinchi.com\/wp-content\/uploads\/2024\/05\/2-Cacao-Ceremonial1-1-1024x683-copia.jpg","width":1024,"height":683},{"@type":"BreadcrumbList","@id":"https:\/\/www.sinchisinchi.com\/fr\/producto\/cacao-ceremonial-du-guatemala\/#breadcrumb","itemListElement":[{"@type":"ListItem","position":1,"name":"Prima pagina","item":"https:\/\/www.sinchisinchi.com\/fr\/"},{"@type":"ListItem","position":2,"name":"Produits","item":"https:\/\/www.sinchisinchi.com\/fr\/shop\/"},{"@type":"ListItem","position":3,"name":"Cacao c\u00e9r\u00e9monial du Guatemala"}]},{"@type":"WebSite","@id":"https:\/\/www.sinchisinchi.com\/fr\/#website","url":"https:\/\/www.sinchisinchi.com\/fr\/","name":"SINCHI","description":"Sinchi Medicine","publisher":{"@id":"https:\/\/www.sinchisinchi.com\/fr\/#organization"},"potentialAction":[{"@type":"SearchAction","target":{"@type":"EntryPoint","urlTemplate":"https:\/\/www.sinchisinchi.com\/fr\/?s={search_term_string}"},"query-input":{"@type":"PropertyValueSpecification","valueRequired":true,"valueName":"search_term_string"}}],"inLanguage":"fr-FR"},{"@type":"Organization","@id":"https:\/\/www.sinchisinchi.com\/fr\/#organization","name":"SINCHI S.L","url":"https:\/\/www.sinchisinchi.com\/fr\/","logo":{"@type":"ImageObject","inLanguage":"fr-FR","@id":"https:\/\/www.sinchisinchi.com\/fr\/#\/schema\/logo\/image\/","url":"https:\/\/www.sinchisinchi.com\/wp-content\/uploads\/2026\/01\/3b-Verde-SIMPLIFICADO-HORIZONTAL-F-TRANSPARENTE-scaled.png","contentUrl":"https:\/\/www.sinchisinchi.com\/wp-content\/uploads\/2026\/01\/3b-Verde-SIMPLIFICADO-HORIZONTAL-F-TRANSPARENTE-scaled.png","width":2560,"height":457,"caption":"SINCHI S.L"},"image":{"@id":"https:\/\/www.sinchisinchi.com\/fr\/#\/schema\/logo\/image\/"},"sameAs":["https:\/\/www.facebook.com\/sinchirape\/","https:\/\/www.instagram.com\/sinchi_rape\/"]}]}},"_links":{"self":[{"href":"https:\/\/www.sinchisinchi.com\/fr\/wp-json\/wp\/v2\/product\/24471","targetHints":{"allow":["GET"]}}],"collection":[{"href":"https:\/\/www.sinchisinchi.com\/fr\/wp-json\/wp\/v2\/product"}],"about":[{"href":"https:\/\/www.sinchisinchi.com\/fr\/wp-json\/wp\/v2\/types\/product"}],"wp:featuredmedia":[{"embeddable":true,"href":"https:\/\/www.sinchisinchi.com\/fr\/wp-json\/wp\/v2\/media\/24472"}],"wp:attachment":[{"href":"https:\/\/www.sinchisinchi.com\/fr\/wp-json\/wp\/v2\/media?parent=24471"}],"wp:term":[{"taxonomy":"product_brand","embeddable":true,"href":"https:\/\/www.sinchisinchi.com\/fr\/wp-json\/wp\/v2\/product_brand?post=24471"},{"taxonomy":"product_cat","embeddable":true,"href":"https:\/\/www.sinchisinchi.com\/fr\/wp-json\/wp\/v2\/product_cat?post=24471"},{"taxonomy":"product_tag","embeddable":true,"href":"https:\/\/www.sinchisinchi.com\/fr\/wp-json\/wp\/v2\/product_tag?post=24471"}],"curies":[{"name":"wp","href":"https:\/\/api.w.org\/{rel}","templated":true}]}}