{"id":14547,"date":"2024-05-27T12:14:26","date_gmt":"2024-05-27T12:14:26","guid":{"rendered":"https:\/\/www.sinchisinchi.com\/producto\/cacao-cerimoniale-fuoco-interiore\/"},"modified":"2024-07-04T11:41:04","modified_gmt":"2024-07-04T11:41:04","slug":"cacao-cerimoniale-fuoco-interiore","status":"publish","type":"product","link":"https:\/\/www.sinchisinchi.com\/it\/producto\/cacao-cerimoniale-fuoco-interiore\/","title":{"rendered":"Cacao cerimoniale &#8220;Fuoco interiore&#8221;"},"content":{"rendered":"<h3 style=\"text-align: center;\"><strong><span style=\"color: #000000;\">Villaggio natale di Q&#8217;eqchi&#8217;<\/span><\/strong><\/h3>\n<p><span style=\"color: #000000;\">Q&#8217;eqchi&#8217; \u00e8 un popolo Maya che esiste ancora in Guatemala. Si stabilirono attorno ad alcune colline vicino ai fiumi Chixoy e Polochic intorno all&#8217;anno 600 aC, ed ebbero contatti con antiche civilt\u00e0 come i Pipil, i Toltechi, i Chichimeca e le grandi citt\u00e0 Maya.<\/span><\/p>\n<p><span style=\"color: #000000;\">Il Kakaw \u00e8 un&#8217;antica bevanda del popolo Maya Q&#8217;eqchi&#8217;, utilizzata in molte cerimonie Maya.<\/span><\/p>\n<p><span style=\"color: #000000;\">Nella regione montuosa dell&#8217;Alta Verapaz in Guatemala, gli agricoltori indigeni Q&#8217;eqchi coltivano alcuni dei migliori cacao del mondo.<\/span><\/p>\n<p><span style=\"color: #000000;\">Nell&#8217;Ecoregione di Lachu\u00e1 si trova una bellissima laguna considerata Parco Nazionale dal 1976: la Laguna di Lachu\u00e1, attorno alla quale vivono numerose famiglie maya Q&#8217;eqchi&#8217;, dedite principalmente alla coltivazione del cacao.<\/span><\/p>\n<p><span style=\"color: #000000;\">Fino all&#8217;arrivo degli spagnoli furono governate da capi che a loro volta dipendevano da un gran signore scelto da tutti i principali.<\/span><\/p>\n<p><span style=\"color: #000000;\">Siti archeologici con segni di costruzione in pietra jateado sono Chajkar, Chimax, Chinama, Ku&#8217;k&#8217;uch a Chinapet\u00e9n e dietro il Calvario di San Pedro Carch\u00e1. Il Calvario di Cob\u00e1n \u00e8 uno dei centri cerimoniali Maya pi\u00f9 importanti.<\/span><\/p>\n<p><span style=\"color: #000000;\">La principale attivit\u00e0 economica \u00e8 rappresentata dall&#8217;agricoltura; Vengono piantati mais e fagioli, che costituiscono il cibo della famiglia, a cui si aggiunge l&#8217;allevamento di uccelli, maiali e altri animali domestici.<\/span><\/p>\n<p><span style=\"color: #000000;\">Il suo nome si scrive Kekch\u00ed (secondo l&#8217;ortografia attuale), o Q&#8217;eqchi&#8217; (secondo l&#8217;ortografia antica).<\/span><\/p>\n<h3 style=\"text-align: center;\"><strong><span style=\"color: #000000;\">Villaggio nativo di Mop\u00e1n<\/span><\/strong><\/h3>\n<p><span style=\"color: #000000;\">Il popolo Mop\u00e1n \u00e8 una delle citt\u00e0 Maya del Belize e del Guatemala nel dipartimento di Pet\u00e9n. La loro lingua indigena si chiama anche Mop\u00e1n, ed \u00e8 una delle lingue maya dello Yucatan del Messico, considerata una lingua in pericolo di estinzione.<\/span><\/p>\n<p><span style=\"color: #000000;\">La loro dieta \u00e8 a base di mais, da cui derivano gran parte delle loro ricette tradizionali: nuk (panino), tait (tamale di mais), k&#8217;a k&#8217;aan ek&#8217;en (cardo selvatico affumicato), chu&#8217; uk wa ( pane tostato dolce).<\/span><\/p>\n<p><span style=\"color: #000000;\">La comunit\u00e0 Mop\u00e1n \u00e8 specializzata nel ricamo di tessuti, con cui realizza camicie, camicette, borse, portaspazzole, tovaglie e fodere. Per creare ricami vengono utilizzati tessuto Dacron, lana e filo.<\/span><\/p>\n<p><span style=\"color: #000000;\">La lingua Mop\u00e1n fa parte della famiglia linguistica Maya originaria del Messico. Sebbene abbia subito un declino a causa dell&#8217;influenza dello spagnolo e dell&#8217;inglese, \u00e8 ancora parlato in molte comunit\u00e0 Mopan. Alcune parole comuni in Mop\u00e1n includono &#8220;K&#8217;iche'&#8221; (foresta), &#8220;No&#8217;j&#8221; (saggezza) e &#8220;Tz&#8217;ikin&#8221; (uccello). La preservazione della loro lingua \u00e8 vista come una componente cruciale per la sopravvivenza della loro cultura.<\/span><\/p>\n<p><span style=\"color: #000000;\">Attualmente, i Mop\u00e1n affrontano numerose sfide, tra cui la preservazione della propria cultura e delle proprie terre di fronte alla modernizzazione e alla globalizzazione, mantenendo vive le proprie tradizioni e la propria lingua, adattandosi ai cambiamenti senza perdere la propria essenza.<\/span><\/p>\n<p><span style=\"color: #000000;\">La visione del mondo Mop\u00e1n comprende il mondo come un\u2019entit\u00e0 interconnessa in cui ogni elemento, umano, animale o naturale, ha un ruolo vitale. Questa visione del mondo influenza tutti gli aspetti della loro vita, dall\u2019agricoltura alle relazioni sociali.<\/span><\/p>\n<p>&nbsp;<\/p>\n<h3 style=\"text-align: center;\"><strong><span style=\"color: #000000;\">Pepe di Caienna<\/span><\/strong><\/h3>\n<p><span style=\"color: #000000;\">Conosciuto e consumato fin dai tempi dei Maya e degli Aztechi, apprezzavano il pepe di Caienna per le sue qualit\u00e0 curative e spirituali, oltre ad utilizzarlo come disinfettante e antinfiammatorio naturale.<\/span><\/p>\n<p><span style=\"color: #000000;\">Aumenta la sensibilit\u00e0 delle terminazioni nervose, stimolando il rilascio di endorfine, motivo per cui \u00e8 riconosciuto per le sue propriet\u00e0 afrodisiache.<\/span><\/p>\n<p><span style=\"color: #000000;\">Secondo la leggenda, quello che gli Aztechi conoscevano come peperoncino fu confuso da Cristoforo Colombo con il pepe, tanto ambito in Spagna. E questa spezia fu importata dalla Guyana francese, ma i genovesi non si accorsero che il peperoncino era piccante, chiamandolo erroneamente pepe di cayenna.<\/span><\/p>\n<h3 style=\"text-align: center;\"><strong><span style=\"color: #000000;\">\u201cCelian Cannella\u201d e i Maya\/Aztechi<\/span><\/strong><\/h3>\n<p><span style=\"color: #000000;\">Nell&#8217;antichit\u00e0 la cannella (Cinnamomun Verum) acquistava valore pi\u00f9 del suo peso in oro ed era associata a rituali di sacrificio o di piacere.<\/span><\/p>\n<p><span style=\"color: #000000;\">La cannella \u00e8 originaria dello Sri Lanka (Ceylon), della Birmania e dell&#8217;India, la sua corteccia \u00e8 speziata e dal sapore dolce.<\/span><\/p>\n<p><span style=\"color: #000000;\">La cannella \u00e8 una delle spezie con il maggior potere antiossidante grazie ai suoi fenoli e flavonoidi. \u00c8 ricco di vitamine B1 e C e di minerali come fosforo, calcio, ferro e potassio.<\/span><\/p>\n<p><span style=\"color: #000000;\">La medicina tradizionale cinese la considera un&#8217;erba Yang (propriet\u00e0 calde) perch\u00e9 \u00e8 piccante, dolce e quindi ricca di propriet\u00e0 digestive, aumentando il fuoco interiore.<\/span><\/p>\n<h3 style=\"text-align: center;\"><strong><span style=\"color: #000000;\">La vaniglia e i Totonaco, i Maya e gli Aztechi<\/span><\/strong><\/h3>\n<p><span style=\"color: #000000;\">La vaniglia fu scoperta dalla <strong>cultura Totonac<\/strong>, che la chiam\u00f2 <strong>\u201cXanath\u201d,<\/strong> che significa \u201cfiore nero\u201d. La vaniglia era una delle sue piante pi\u00f9 importanti, simile a ci\u00f2 che rappresentava il mais per gli Aztechi, i Teotihuacani, i Maya e gli Olmechi.<\/span><\/p>\n<p><span style=\"color: #000000;\">Vaniglia, cacao, annatto e mais erano gli ingredienti dello xocolatl, una bevanda al cacao che allietava gli incontri politici e nobiliari della civilt\u00e0 Maya e Azteca; quest&#8217;ultimo conosceva il <\/span><span style=\"color: #000000;\">vaniglia dal nome \u201ctlilxochitl\u201d.<\/span><\/p>\n<p><span style=\"color: #000000;\">La vaniglia \u00e8 femminile, \u00e8 associata al pianeta Venere e all&#8217;elemento acqua.<\/span><\/p>\n<p><span style=\"color: #000000;\">Tradizionalmente viene utilizzato per le sue propriet\u00e0 legate all&#8217;amore, al desiderio sessuale e ai poteri mentali.<\/span><\/p>\n<p><span style=\"color: #000000;\">L&#8217;aroma della vaniglia ha potenti propriet\u00e0 calmanti e confortanti. Grazie al suo principio attivo, l&#8217;acido vanillico, aumenta la naturale secrezione di serotonina e dopamina. Sia ingerito che annusandone l&#8217;aroma ha propriet\u00e0 analgesiche.<\/span><\/p>\n","protected":false},"excerpt":{"rendered":"<p><span style=\"color: #000000;\">Cacao di grado cerimoniale con spezie tradizionali Maya, coltivate e raccolte dalle trib\u00f9 native <strong>Maya del Belize meridionale.<\/strong><\/span><\/p>\n<p><span style=\"color: #000000;\">Le spezie tradizionali affinano e intensificano le potenti propriet\u00e0 del cacao e attivano il fuoco interiore; Questa squisita miscela contiene<strong> pepe di cayenna, cannella Celian e vaniglia.<\/strong><\/span><\/p>\n<p><span style=\"color: #000000;\">I nativi Maya considerano il cacao una pianta sacra che guarisce e nutre il corpo, la mente e lo spirito.<\/span><\/p>\n<p><span style=\"color: #000000;\">Queste fave di cacao autoctone vengono coltivate in modo naturale, allo stesso modo di migliaia di anni fa, in armonia con gli alberi di ananas, vaniglia e mapacho.<\/span><\/p>\n<p><span style=\"color: #000000;\"><strong>Pepe di cayenna:<\/strong> \u00e8 una spezia tradizionalmente utilizzata dai Maya per esaltare le propriet\u00e0 medicinali del cacao. Aumenta il flusso sanguigno e la quantit\u00e0 di calore prodotta dal corpo, accendendo il fuoco interiore.<\/span><\/p>\n<p><span style=\"color: #000000;\"><strong>Cannella di Ceylon:<\/strong> \u00e8 una cannella tradizionale che aumenta la circolazione, \u00e8 ricca di antiossidanti e cinnamaldeide, che ha potenti propriet\u00e0 antifungine e antibatteriche.<\/span><\/p>\n<p><span style=\"color: #000000;\"><strong>Vaniglia:<\/strong> la miscela di cacao e vaniglia forma un&#8217;eccellente simbiosi. Sia gli Aztechi che i Maya usavano la vaniglia per esaltare il cacao e come elemento afrodisiaco.<\/span><\/p>\n<p><span style=\"color: #000000;\"><strong>Tipologia:<\/strong> Cacao di Grado Cerimoniale.<\/span><\/p>\n<p><span style=\"color: #000000;\"><strong>Ingredienti:<\/strong> cacao di grado cerimoniale, pepe di cayenna, cannella di Ceylon e vaniglia.<\/span><\/p>\n<p><span style=\"color: #000000;\"><strong>Origine:<\/strong> trib\u00f9 Maya del Belize meridionale.<\/span><\/p>\n<p><span style=\"color: #000000;\"><strong>Presentazione:<\/strong> Blocco di cacao.<\/span><\/p>\n<p><span style=\"color: #000000;\"><strong>Formato:<\/strong> 500 grammi.<\/span><\/p>\n","protected":false},"featured_media":14386,"template":"","meta":{"_joinchat":[]},"product_brand":[],"product_cat":[404,517],"product_tag":[],"class_list":{"0":"post-14547","1":"product","2":"type-product","3":"status-publish","4":"has-post-thumbnail","6":"product_cat-cacao-it","7":"product_cat-cerimoniale","9":"first","10":"instock","11":"taxable","12":"shipping-taxable","13":"purchasable","14":"product-type-simple"},"yoast_head":"<!-- This site is optimized with the Yoast SEO plugin v27.4 - https:\/\/yoast.com\/product\/yoast-seo-wordpress\/ -->\n<title>Fuoco Interiore del Cacao Cerimoniale Maya: Cannella, Pepe e Vaniglia<\/title>\n<meta name=\"description\" content=\"Cacao di grado cerimoniale con spezie tradizionali Maya, coltivate e raccolte dalle trib\u00f9 native Maya del Belize meridionale.\" \/>\n<meta name=\"robots\" content=\"index, follow, max-snippet:-1, max-image-preview:large, max-video-preview:-1\" \/>\n<link rel=\"canonical\" href=\"https:\/\/www.sinchisinchi.com\/it\/producto\/cacao-cerimoniale-fuoco-interiore\/\" \/>\n<meta property=\"og:locale\" content=\"it_IT\" \/>\n<meta property=\"og:type\" content=\"article\" \/>\n<meta property=\"og:title\" content=\"Fuoco Interiore del Cacao Cerimoniale Maya: Cannella, Pepe e Vaniglia\" \/>\n<meta property=\"og:description\" content=\"Cacao di grado cerimoniale con spezie tradizionali Maya, coltivate e raccolte dalle trib\u00f9 native Maya del Belize meridionale.\" \/>\n<meta property=\"og:url\" content=\"https:\/\/www.sinchisinchi.com\/it\/producto\/cacao-cerimoniale-fuoco-interiore\/\" \/>\n<meta property=\"og:site_name\" content=\"SINCHI RAP\u00c9\" \/>\n<meta property=\"article:publisher\" content=\"https:\/\/www.facebook.com\/sinchirape\/\" \/>\n<meta property=\"article:modified_time\" content=\"2024-07-04T11:41:04+00:00\" \/>\n<meta property=\"og:image\" content=\"https:\/\/www.sinchisinchi.com\/wp-content\/uploads\/2024\/05\/Cacao-ceremonial-taza1.jpeg\" \/>\n\t<meta property=\"og:image:width\" content=\"1024\" \/>\n\t<meta property=\"og:image:height\" content=\"683\" \/>\n\t<meta property=\"og:image:type\" content=\"image\/jpeg\" \/>\n<meta name=\"twitter:card\" content=\"summary_large_image\" \/>\n<meta name=\"twitter:label1\" content=\"Tempo di lettura stimato\" \/>\n\t<meta name=\"twitter:data1\" content=\"4 minuti\" \/>\n<script type=\"application\/ld+json\" class=\"yoast-schema-graph\">{\"@context\":\"https:\\\/\\\/schema.org\",\"@graph\":[{\"@type\":\"WebPage\",\"@id\":\"https:\\\/\\\/www.sinchisinchi.com\\\/it\\\/producto\\\/cacao-cerimoniale-fuoco-interiore\\\/\",\"url\":\"https:\\\/\\\/www.sinchisinchi.com\\\/it\\\/producto\\\/cacao-cerimoniale-fuoco-interiore\\\/\",\"name\":\"Fuoco Interiore del Cacao Cerimoniale Maya: Cannella, Pepe e Vaniglia\",\"isPartOf\":{\"@id\":\"https:\\\/\\\/www.sinchisinchi.com\\\/it\\\/#website\"},\"primaryImageOfPage\":{\"@id\":\"https:\\\/\\\/www.sinchisinchi.com\\\/it\\\/producto\\\/cacao-cerimoniale-fuoco-interiore\\\/#primaryimage\"},\"image\":{\"@id\":\"https:\\\/\\\/www.sinchisinchi.com\\\/it\\\/producto\\\/cacao-cerimoniale-fuoco-interiore\\\/#primaryimage\"},\"thumbnailUrl\":\"https:\\\/\\\/www.sinchisinchi.com\\\/wp-content\\\/uploads\\\/2024\\\/05\\\/Cacao-ceremonial-taza1.jpeg\",\"datePublished\":\"2024-05-27T12:14:26+00:00\",\"dateModified\":\"2024-07-04T11:41:04+00:00\",\"description\":\"Cacao di grado cerimoniale con spezie tradizionali Maya, coltivate e raccolte dalle trib\u00f9 native Maya del Belize meridionale.\",\"breadcrumb\":{\"@id\":\"https:\\\/\\\/www.sinchisinchi.com\\\/it\\\/producto\\\/cacao-cerimoniale-fuoco-interiore\\\/#breadcrumb\"},\"inLanguage\":\"it-IT\",\"potentialAction\":[{\"@type\":\"ReadAction\",\"target\":[\"https:\\\/\\\/www.sinchisinchi.com\\\/it\\\/producto\\\/cacao-cerimoniale-fuoco-interiore\\\/\"]}]},{\"@type\":\"ImageObject\",\"inLanguage\":\"it-IT\",\"@id\":\"https:\\\/\\\/www.sinchisinchi.com\\\/it\\\/producto\\\/cacao-cerimoniale-fuoco-interiore\\\/#primaryimage\",\"url\":\"https:\\\/\\\/www.sinchisinchi.com\\\/wp-content\\\/uploads\\\/2024\\\/05\\\/Cacao-ceremonial-taza1.jpeg\",\"contentUrl\":\"https:\\\/\\\/www.sinchisinchi.com\\\/wp-content\\\/uploads\\\/2024\\\/05\\\/Cacao-ceremonial-taza1.jpeg\",\"width\":1024,\"height\":683,\"caption\":\"Foto del cacao cerimoniale\"},{\"@type\":\"BreadcrumbList\",\"@id\":\"https:\\\/\\\/www.sinchisinchi.com\\\/it\\\/producto\\\/cacao-cerimoniale-fuoco-interiore\\\/#breadcrumb\",\"itemListElement\":[{\"@type\":\"ListItem\",\"position\":1,\"name\":\"Prima pagina\",\"item\":\"https:\\\/\\\/www.sinchisinchi.com\\\/it\\\/\"},{\"@type\":\"ListItem\",\"position\":2,\"name\":\"Prodotti\",\"item\":\"https:\\\/\\\/www.sinchisinchi.com\\\/it\\\/shop\\\/\"},{\"@type\":\"ListItem\",\"position\":3,\"name\":\"Cacao cerimoniale &#8220;Fuoco interiore&#8221;\"}]},{\"@type\":\"WebSite\",\"@id\":\"https:\\\/\\\/www.sinchisinchi.com\\\/it\\\/#website\",\"url\":\"https:\\\/\\\/www.sinchisinchi.com\\\/it\\\/\",\"name\":\"SINCHI\",\"description\":\"Sinchi Medicine\",\"publisher\":{\"@id\":\"https:\\\/\\\/www.sinchisinchi.com\\\/it\\\/#organization\"},\"potentialAction\":[{\"@type\":\"SearchAction\",\"target\":{\"@type\":\"EntryPoint\",\"urlTemplate\":\"https:\\\/\\\/www.sinchisinchi.com\\\/it\\\/?s={search_term_string}\"},\"query-input\":{\"@type\":\"PropertyValueSpecification\",\"valueRequired\":true,\"valueName\":\"search_term_string\"}}],\"inLanguage\":\"it-IT\"},{\"@type\":\"Organization\",\"@id\":\"https:\\\/\\\/www.sinchisinchi.com\\\/it\\\/#organization\",\"name\":\"SINCHI S.L\",\"url\":\"https:\\\/\\\/www.sinchisinchi.com\\\/it\\\/\",\"logo\":{\"@type\":\"ImageObject\",\"inLanguage\":\"it-IT\",\"@id\":\"https:\\\/\\\/www.sinchisinchi.com\\\/it\\\/#\\\/schema\\\/logo\\\/image\\\/\",\"url\":\"https:\\\/\\\/www.sinchisinchi.com\\\/wp-content\\\/uploads\\\/2026\\\/01\\\/3b-Verde-SIMPLIFICADO-HORIZONTAL-F-TRANSPARENTE-scaled.png\",\"contentUrl\":\"https:\\\/\\\/www.sinchisinchi.com\\\/wp-content\\\/uploads\\\/2026\\\/01\\\/3b-Verde-SIMPLIFICADO-HORIZONTAL-F-TRANSPARENTE-scaled.png\",\"width\":2560,\"height\":457,\"caption\":\"SINCHI S.L\"},\"image\":{\"@id\":\"https:\\\/\\\/www.sinchisinchi.com\\\/it\\\/#\\\/schema\\\/logo\\\/image\\\/\"},\"sameAs\":[\"https:\\\/\\\/www.facebook.com\\\/sinchirape\\\/\",\"https:\\\/\\\/www.instagram.com\\\/sinchi_rape\\\/\"]}]}<\/script>\n<!-- \/ Yoast SEO plugin. -->","yoast_head_json":{"title":"Fuoco Interiore del Cacao Cerimoniale Maya: Cannella, Pepe e Vaniglia","description":"Cacao di grado cerimoniale con spezie tradizionali Maya, coltivate e raccolte dalle trib\u00f9 native Maya del Belize meridionale.","robots":{"index":"index","follow":"follow","max-snippet":"max-snippet:-1","max-image-preview":"max-image-preview:large","max-video-preview":"max-video-preview:-1"},"canonical":"https:\/\/www.sinchisinchi.com\/it\/producto\/cacao-cerimoniale-fuoco-interiore\/","og_locale":"it_IT","og_type":"article","og_title":"Fuoco Interiore del Cacao Cerimoniale Maya: Cannella, Pepe e Vaniglia","og_description":"Cacao di grado cerimoniale con spezie tradizionali Maya, coltivate e raccolte dalle trib\u00f9 native Maya del Belize meridionale.","og_url":"https:\/\/www.sinchisinchi.com\/it\/producto\/cacao-cerimoniale-fuoco-interiore\/","og_site_name":"SINCHI RAP\u00c9","article_publisher":"https:\/\/www.facebook.com\/sinchirape\/","article_modified_time":"2024-07-04T11:41:04+00:00","og_image":[{"width":1024,"height":683,"url":"https:\/\/www.sinchisinchi.com\/wp-content\/uploads\/2024\/05\/Cacao-ceremonial-taza1.jpeg","type":"image\/jpeg"}],"twitter_card":"summary_large_image","twitter_misc":{"Tempo di lettura stimato":"4 minuti"},"schema":{"@context":"https:\/\/schema.org","@graph":[{"@type":"WebPage","@id":"https:\/\/www.sinchisinchi.com\/it\/producto\/cacao-cerimoniale-fuoco-interiore\/","url":"https:\/\/www.sinchisinchi.com\/it\/producto\/cacao-cerimoniale-fuoco-interiore\/","name":"Fuoco Interiore del Cacao Cerimoniale Maya: Cannella, Pepe e Vaniglia","isPartOf":{"@id":"https:\/\/www.sinchisinchi.com\/it\/#website"},"primaryImageOfPage":{"@id":"https:\/\/www.sinchisinchi.com\/it\/producto\/cacao-cerimoniale-fuoco-interiore\/#primaryimage"},"image":{"@id":"https:\/\/www.sinchisinchi.com\/it\/producto\/cacao-cerimoniale-fuoco-interiore\/#primaryimage"},"thumbnailUrl":"https:\/\/www.sinchisinchi.com\/wp-content\/uploads\/2024\/05\/Cacao-ceremonial-taza1.jpeg","datePublished":"2024-05-27T12:14:26+00:00","dateModified":"2024-07-04T11:41:04+00:00","description":"Cacao di grado cerimoniale con spezie tradizionali Maya, coltivate e raccolte dalle trib\u00f9 native Maya del Belize meridionale.","breadcrumb":{"@id":"https:\/\/www.sinchisinchi.com\/it\/producto\/cacao-cerimoniale-fuoco-interiore\/#breadcrumb"},"inLanguage":"it-IT","potentialAction":[{"@type":"ReadAction","target":["https:\/\/www.sinchisinchi.com\/it\/producto\/cacao-cerimoniale-fuoco-interiore\/"]}]},{"@type":"ImageObject","inLanguage":"it-IT","@id":"https:\/\/www.sinchisinchi.com\/it\/producto\/cacao-cerimoniale-fuoco-interiore\/#primaryimage","url":"https:\/\/www.sinchisinchi.com\/wp-content\/uploads\/2024\/05\/Cacao-ceremonial-taza1.jpeg","contentUrl":"https:\/\/www.sinchisinchi.com\/wp-content\/uploads\/2024\/05\/Cacao-ceremonial-taza1.jpeg","width":1024,"height":683,"caption":"Foto del cacao cerimoniale"},{"@type":"BreadcrumbList","@id":"https:\/\/www.sinchisinchi.com\/it\/producto\/cacao-cerimoniale-fuoco-interiore\/#breadcrumb","itemListElement":[{"@type":"ListItem","position":1,"name":"Prima pagina","item":"https:\/\/www.sinchisinchi.com\/it\/"},{"@type":"ListItem","position":2,"name":"Prodotti","item":"https:\/\/www.sinchisinchi.com\/it\/shop\/"},{"@type":"ListItem","position":3,"name":"Cacao cerimoniale &#8220;Fuoco interiore&#8221;"}]},{"@type":"WebSite","@id":"https:\/\/www.sinchisinchi.com\/it\/#website","url":"https:\/\/www.sinchisinchi.com\/it\/","name":"SINCHI","description":"Sinchi Medicine","publisher":{"@id":"https:\/\/www.sinchisinchi.com\/it\/#organization"},"potentialAction":[{"@type":"SearchAction","target":{"@type":"EntryPoint","urlTemplate":"https:\/\/www.sinchisinchi.com\/it\/?s={search_term_string}"},"query-input":{"@type":"PropertyValueSpecification","valueRequired":true,"valueName":"search_term_string"}}],"inLanguage":"it-IT"},{"@type":"Organization","@id":"https:\/\/www.sinchisinchi.com\/it\/#organization","name":"SINCHI S.L","url":"https:\/\/www.sinchisinchi.com\/it\/","logo":{"@type":"ImageObject","inLanguage":"it-IT","@id":"https:\/\/www.sinchisinchi.com\/it\/#\/schema\/logo\/image\/","url":"https:\/\/www.sinchisinchi.com\/wp-content\/uploads\/2026\/01\/3b-Verde-SIMPLIFICADO-HORIZONTAL-F-TRANSPARENTE-scaled.png","contentUrl":"https:\/\/www.sinchisinchi.com\/wp-content\/uploads\/2026\/01\/3b-Verde-SIMPLIFICADO-HORIZONTAL-F-TRANSPARENTE-scaled.png","width":2560,"height":457,"caption":"SINCHI S.L"},"image":{"@id":"https:\/\/www.sinchisinchi.com\/it\/#\/schema\/logo\/image\/"},"sameAs":["https:\/\/www.facebook.com\/sinchirape\/","https:\/\/www.instagram.com\/sinchi_rape\/"]}]}},"_links":{"self":[{"href":"https:\/\/www.sinchisinchi.com\/it\/wp-json\/wp\/v2\/product\/14547","targetHints":{"allow":["GET"]}}],"collection":[{"href":"https:\/\/www.sinchisinchi.com\/it\/wp-json\/wp\/v2\/product"}],"about":[{"href":"https:\/\/www.sinchisinchi.com\/it\/wp-json\/wp\/v2\/types\/product"}],"wp:featuredmedia":[{"embeddable":true,"href":"https:\/\/www.sinchisinchi.com\/it\/wp-json\/wp\/v2\/media\/14386"}],"wp:attachment":[{"href":"https:\/\/www.sinchisinchi.com\/it\/wp-json\/wp\/v2\/media?parent=14547"}],"wp:term":[{"taxonomy":"product_brand","embeddable":true,"href":"https:\/\/www.sinchisinchi.com\/it\/wp-json\/wp\/v2\/product_brand?post=14547"},{"taxonomy":"product_cat","embeddable":true,"href":"https:\/\/www.sinchisinchi.com\/it\/wp-json\/wp\/v2\/product_cat?post=14547"},{"taxonomy":"product_tag","embeddable":true,"href":"https:\/\/www.sinchisinchi.com\/it\/wp-json\/wp\/v2\/product_tag?post=14547"}],"curies":[{"name":"wp","href":"https:\/\/api.w.org\/{rel}","templated":true}]}}