{"id":26097,"date":"2025-02-21T16:32:29","date_gmt":"2025-02-21T16:32:29","guid":{"rendered":"https:\/\/www.sinchisinchi.com\/tribos-amazonicas\/yawanawa\/visao-do-mundo\/"},"modified":"2026-03-04T14:04:27","modified_gmt":"2026-03-04T14:04:27","slug":"visao-do-mundo","status":"publish","type":"page","link":"https:\/\/www.sinchisinchi.com\/pt-pt\/tribos\/yawanawa\/visao-do-mundo\/","title":{"rendered":"Vis\u00e3o do Mundo"},"content":{"rendered":"\n<h1 style=\"text-align: center;\"><strong>Vis\u00e3o do mundo e espiritualidade<\/strong><\/h1>\n<p>Os Yawanaw\u00e1 s\u00e3o comunidades que dependem a cem por cento da Natureza. Como eles pr\u00f3prios dizem: \u201cVivemos da ca\u00e7a, da pesca e constru\u00edmos as nossas pr\u00f3prias casas e meios de transporte. A nossa rela\u00e7\u00e3o \u00e9 de respeito, harmonia e reciprocidade. \u201cPorque o que tiramos da terra devolvemos\u201d &#8211; Tashka Yawanaw\u00e1, jovem l\u00edder de uma aldeia Yawanaw\u00e1.<\/p>\n\t<div class=\"img has-hover x md-x lg-x y md-y lg-y\" id=\"image_2113973720\">\n\t\t\t\t\t\t\t\t<div class=\"img-inner dark\" >\n\t\t\t<img loading=\"lazy\" decoding=\"async\" width=\"1020\" height=\"574\" src=\"https:\/\/www.sinchisinchi.com\/wp-content\/uploads\/2025\/01\/8-Tribu-Yawanawa13-1024x576.png\" class=\"attachment-large size-large\" alt=\"\" srcset=\"https:\/\/www.sinchisinchi.com\/wp-content\/uploads\/2025\/01\/8-Tribu-Yawanawa13-1024x576.png 1024w, https:\/\/www.sinchisinchi.com\/wp-content\/uploads\/2025\/01\/8-Tribu-Yawanawa13-600x337.png 600w, https:\/\/www.sinchisinchi.com\/wp-content\/uploads\/2025\/01\/8-Tribu-Yawanawa13-768x432.png 768w, https:\/\/www.sinchisinchi.com\/wp-content\/uploads\/2025\/01\/8-Tribu-Yawanawa13-1536x864.png 1536w, https:\/\/www.sinchisinchi.com\/wp-content\/uploads\/2025\/01\/8-Tribu-Yawanawa13-247x139.png 247w, https:\/\/www.sinchisinchi.com\/wp-content\/uploads\/2025\/01\/8-Tribu-Yawanawa13-510x287.png 510w, https:\/\/www.sinchisinchi.com\/wp-content\/uploads\/2025\/01\/8-Tribu-Yawanawa13.png 1837w\" sizes=\"auto, (max-width: 1020px) 100vw, 1020px\" \/>\t\t\t\t\t\t\n\t\t\t\t\t<\/div>\n\t\t\t\t\t\t\t\t\n<style>\n#image_2113973720 {\n  width: 100%;\n}\n<\/style>\n\t<\/div>\n\t\n\n\t<div id=\"gap-1079307032\" class=\"gap-element clearfix\" style=\"display:block; height:auto;\">\n\t\t\n<style>\n#gap-1079307032 {\n  padding-top: 30px;\n}\n<\/style>\n\t<\/div>\n\t\n\n<p>\u201cN\u00f3s, povos ind\u00edgenas que vivemos na selva, estamos em constante liga\u00e7\u00e3o com a espiritualidade, porque a manifesta\u00e7\u00e3o do Criador \u00e9 a pr\u00f3pria natureza. Por isso ouvimos e assistimos todos os dias. Estamos em pleno contacto com a espiritualidade. Temos uma cerim\u00f3nia que \u00e9 como um agradecimento \u00e0 M\u00e3e Terra por tudo o que nos deu.<\/p>\n<p>Todas as suas atividades, a sua estrutura social e econ\u00f3mica, est\u00e3o enquadradas numa vis\u00e3o espiritual inteiramente relacionada com a Selva. \u201cA nossa terra \u00e9 a nossa casa, o nosso amigo e o nosso camarada. Respeitamos muito a nossa terra e temos a responsabilidade de cuidar dela.\u201d Diz um jovem Yawanaw\u00e1.<\/p>\n<p>Eles, juntamente com os restantes povos ind\u00edgenas da Amaz\u00f3nia, s\u00e3o respons\u00e1veis \u200b\u200bpor cuidar do pulm\u00e3o da Terra, a Amaz\u00f3nia. Por isso, mant\u00eam uma rela\u00e7\u00e3o de liga\u00e7\u00e3o e harmonia com a selva que se reflete nas suas pr\u00f3prias indument\u00e1rias, nos toucados feitos com penas de araras e gavi\u00f5es-reais e nas suas tatuagens com diferentes pigmentos que imitam padr\u00f5es da selva ou dos seus poderosos animais. Tamb\u00e9m na sua forma de construir e cultivar, respeitando sempre o meio em que vivem e integrando-se nele como mais um ser vivo no seu ecossistema.<\/p>\n<p>&nbsp;<\/p>\n<div class=\"row\"  id=\"row-1147855162\">\n\n\n\t<div id=\"col-1550308847\" class=\"col medium-1 small-12 large-1\"  >\n\t\t\t\t<div class=\"col-inner\"  >\n\t\t\t\n\t\t\t\n\n\n\t\t<\/div>\n\t\t\t\t\t<\/div>\n\n\t\n\n\t<div id=\"col-283423526\" class=\"col medium-10 small-12 large-10\"  >\n\t\t\t\t<div class=\"col-inner\"  >\n\t\t\t\n\t\t\t\n\n\t<div class=\"img has-hover x md-x lg-x y md-y lg-y\" id=\"image_1036222303\">\n\t\t\t\t\t\t\t\t<div class=\"img-inner dark\" >\n\t\t\t<img loading=\"lazy\" decoding=\"async\" width=\"1020\" height=\"318\" src=\"https:\/\/www.sinchisinchi.com\/wp-content\/uploads\/2025\/01\/3-Tribu-Yawanawa4-1024x319.jpeg\" class=\"attachment-large size-large\" alt=\"\" srcset=\"https:\/\/www.sinchisinchi.com\/wp-content\/uploads\/2025\/01\/3-Tribu-Yawanawa4-1024x319.jpeg 1024w, https:\/\/www.sinchisinchi.com\/wp-content\/uploads\/2025\/01\/3-Tribu-Yawanawa4-600x187.jpeg 600w, https:\/\/www.sinchisinchi.com\/wp-content\/uploads\/2025\/01\/3-Tribu-Yawanawa4-768x240.jpeg 768w, https:\/\/www.sinchisinchi.com\/wp-content\/uploads\/2025\/01\/3-Tribu-Yawanawa4-1536x479.jpeg 1536w, https:\/\/www.sinchisinchi.com\/wp-content\/uploads\/2025\/01\/3-Tribu-Yawanawa4-247x77.jpeg 247w, https:\/\/www.sinchisinchi.com\/wp-content\/uploads\/2025\/01\/3-Tribu-Yawanawa4-510x159.jpeg 510w, https:\/\/www.sinchisinchi.com\/wp-content\/uploads\/2025\/01\/3-Tribu-Yawanawa4.jpeg 1920w\" sizes=\"auto, (max-width: 1020px) 100vw, 1020px\" \/>\t\t\t\t\t\t\n\t\t\t\t\t<\/div>\n\t\t\t\t\t\t\t\t\n<style>\n#image_1036222303 {\n  width: 100%;\n}\n<\/style>\n\t<\/div>\n\t\n\n\n\t\t<\/div>\n\t\t\t\t\t<\/div>\n\n\t\n\n\t<div id=\"col-172350763\" class=\"col medium-1 small-12 large-1\"  >\n\t\t\t\t<div class=\"col-inner\"  >\n\t\t\t\n\t\t\t\n\n\n\t\t<\/div>\n\t\t\t\t\t<\/div>\n\n\t\n\n<\/div>\n<p>Ao explicarem a sua vis\u00e3o do mundo, falam-nos de \u201cwak\u00e1n\u201d, que traduzem por \u201calma\u201d ou \u201csombra\u201d. \u201cWak\u00e1n\u201d constitui a for\u00e7a vital dos seres vivos; seres humanos, animais e plantas. Podemos dizer, portanto, que os Yawanaw\u00e1, tal como a maioria dos povos nativos, t\u00eam uma concep\u00e7\u00e3o animista do mundo.<\/p>\n<p>\u00c9 dif\u00edcil saber se esta \u00e9 uma conce\u00e7\u00e3o original ou se talvez seja influenciada por quase tr\u00eas s\u00e9culos de submiss\u00e3o ao catolicismo.<\/p>\n<p>Da mesma forma, concedem a algumas entidades poderes extraordin\u00e1rios, divinizando a lua, o sol, as estrelas, a chuva, a cobra, o jaguar; sempre governada pela for\u00e7a omnipresente da M\u00e3e Selva, a \u201cFloresta\u201d.<\/p>\n<p>Para os Yawanaw\u00e1, os sonhos s\u00e3o de extrema import\u00e2ncia, s\u00e3o sinais que nos dizem como devemos agir. \u00c9 comum que decis\u00f5es muito importantes sejam tomadas com base nos sonhos \u201cvision\u00e1rios\u201d de um membro da tribo (principalmente se for o xam\u00e3).<\/p>\n<div class=\"row\"  id=\"row-1094131712\">\n\n\n\t<div id=\"col-1428296386\" class=\"col medium-2 small-12 large-2\"  >\n\t\t\t\t<div class=\"col-inner\"  >\n\t\t\t\n\t\t\t\n\n\n\t\t<\/div>\n\t\t\t\t\t<\/div>\n\n\t\n\n\t<div id=\"col-483505233\" class=\"col medium-8 small-12 large-8\"  >\n\t\t\t\t<div class=\"col-inner\"  >\n\t\t\t\n\t\t\t\n\n<div class=\"video video-fit mb\" style=\"padding-top:56.25%;\"><iframe loading=\"lazy\" title=\"Matsini Yawanawa\" width=\"1020\" height=\"574\" src=\"https:\/\/www.youtube.com\/embed\/Jk4qHI6XHBs?feature=oembed&#038;enablejsapi=1&#038;origin=https:\/\/www.sinchisinchi.com\" frameborder=\"0\" allow=\"accelerometer; autoplay; clipboard-write; encrypted-media; gyroscope; picture-in-picture; web-share\" referrerpolicy=\"strict-origin-when-cross-origin\" allowfullscreen><\/iframe><\/div>\n\n\n\t\t<\/div>\n\t\t\t\t\t<\/div>\n\n\t\n\n\t<div id=\"col-447476427\" class=\"col medium-2 small-12 large-2\"  >\n\t\t\t\t<div class=\"col-inner\"  >\n\t\t\t\n\t\t\t\n\n\n\t\t<\/div>\n\t\t\t\t\t<\/div>\n\n\t\n\n<\/div>\n<p>Numa palestra TED, um jovem do povo Yawanaw\u00e1 descreve a vis\u00e3o do mundo do seu povo em rela\u00e7\u00e3o aos medicamentos sagrados: \u201cUtilizamos plantas sagradas durante as cerim\u00f3nias para comunicarmos com a floresta. Com a ayahuasca pode ver como \u00e9 a vida, come\u00e7ando por si, pode vislumbrar o seu esp\u00edrito, perceber porque veio a este mundo, mas para isso n\u00e3o basta beber esta bebida, \u00e9 preciso tamb\u00e9m acreditar.\u201d E acrescenta: \u201cQuando um xam\u00e3 vai procurar uma planta para curar algu\u00e9m, diz primeiro \u00e0 planta: vou usar-te para curar o meu povo, se ele n\u00e3o dissesse isso, n\u00e3o teria qualquer efeito por si s\u00f3.\u201d<\/p>\n<p>Os Yawanaw\u00e1 s\u00e3o especialistas ancestrais na prepara\u00e7\u00e3o e utiliza\u00e7\u00e3o da ayahuasca, uma bebida alucinog\u00e9nia feita a partir da decoc\u00e7\u00e3o de duas plantas que crescem apenas na Amaz\u00f3nia e \u00e9 uma das medicinas tradicionais mais poderosas dos povos amaz\u00f3nicos.<\/p>\n<p>Desde tempos remotos, continua o jovem, que usamos o rum\u00ea (um tipo de rap\u00e9 feito a partir da casca da \u00e1rvore tsun\u00fa) como parte da nossa tradi\u00e7\u00e3o e cultura. Normalmente usamos rum\u00ea durante as nossas cerim\u00f3nias sagradas com ayahuasca, a que chamamos Uni.\u201d<\/p>\n<p>&nbsp;<\/p>\n<div class=\"row\"  id=\"row-1202439966\">\n\n\n\t<div id=\"col-2092500957\" class=\"col small-12 large-12\"  >\n\t\t\t\t<div class=\"col-inner\"  >\n\t\t\t\n\t\t\t\n\n<div class=\"video video-fit mb\" style=\"padding-top:56.25%;\"><p><iframe loading=\"lazy\" title=\"We are all connected with nature: Nixiwaka Yawanawa at TEDxHackney\" width=\"1020\" height=\"574\" src=\"https:\/\/www.youtube.com\/embed\/xk0-yebNA_o?feature=oembed&#038;enablejsapi=1&#038;origin=https:\/\/www.sinchisinchi.com\" frameborder=\"0\" allow=\"accelerometer; autoplay; clipboard-write; encrypted-media; gyroscope; picture-in-picture; web-share\" referrerpolicy=\"strict-origin-when-cross-origin\" allowfullscreen><\/iframe><\/p>\n<\/div>\n\n\t<div id=\"gap-1880167361\" class=\"gap-element clearfix\" style=\"display:block; height:auto;\">\n\t\t\n<style>\n#gap-1880167361 {\n  padding-top: 30px;\n}\n<\/style>\n\t<\/div>\n\t\n\n\n\t\t<\/div>\n\t\t\t\t\t<\/div>\n\n\t\n\n<\/div>\n<h2 style=\"text-align: center;\">Bira Yawanaw\u00e1<\/h2>\n<p>Biraci Brasil Nixiwak\u00e1, conhecido por todos como Bira, tem cerca de 60 anos e \u00e9 um l\u00edder pol\u00edtico e espiritual dos Yawanaw\u00e1, chefe da Aldeia Sagrada, sendo uma figura ic\u00f3nica n\u00e3o s\u00f3 para todos os membros da tribo, mas para o movimento ind\u00edgena no seu pa\u00eds.<\/p>\n<p>Aos 18 anos, Bira envolveu-se numa luta pol\u00edtica e social pela preserva\u00e7\u00e3o dos territ\u00f3rios e da cultura, expulsando os seringueiros e mission\u00e1rios dos seus territ\u00f3rios.<\/p>\n<p>Bira fala-nos da sua vis\u00e3o espiritual da selva: \u201cAssim como os crist\u00e3os t\u00eam a B\u00edblia e os mu\u00e7ulmanos t\u00eam o Cor\u00e3o, para os povos nativos, o povo da selva, os povos ind\u00edgenas, aquela floresta \u00e9 a nossa B\u00edblia sagrada.\u201d<\/p>\n<p>Bira confessou que admira a ci\u00eancia e que reconhece o Ocidente pelos avan\u00e7os no desenvolvimento e nas novas tecnologias. Mas quando se trata de plantas sagradas e do conhecimento que a natureza oferece, as autoridades s\u00e3o elas, aquelas que vivem h\u00e1 milhares de anos na maior floresta tropical do mundo.<\/p>\n<p>\u201cN\u00f3s, os povos ind\u00edgenas&#8230; sabemos falar a linguagem dos p\u00e1ssaros, das \u00e1rvores, dos peixes. Conhecemos as plantas medicinais, as plantas sagradas. Sabemos os nomes dessas plantas. Poder\u00edamos traduzir isso para a humanidade.\u201d<\/p>\n<div class=\"video video-fit mb\" style=\"padding-top:56.25%;\"><p><iframe loading=\"lazy\" title=\"Indigenous wisdom - Bira YAWANAWA\u0301 (port. english)\" width=\"1020\" height=\"574\" src=\"https:\/\/www.youtube.com\/embed\/mPbDC6EBhrQ?feature=oembed&#038;enablejsapi=1&#038;origin=https:\/\/www.sinchisinchi.com\" frameborder=\"0\" allow=\"accelerometer; autoplay; clipboard-write; encrypted-media; gyroscope; picture-in-picture; web-share\" referrerpolicy=\"strict-origin-when-cross-origin\" allowfullscreen><\/iframe><\/p>\n<\/div>\n\n<p>Bira diz saber que o sistema capitalista n\u00e3o vai parar, que as cidades v\u00e3o continuar a avan\u00e7ar, a crescer e com elas crescer\u00e3o novas necessidades. \u201cTemos de construir algo paralelo a este sistema, mas sem excluir o outro. \u00c9 poss\u00edvel utilizar a tecnologia, participar na economia e ao mesmo tempo preservar a floresta. \u201cManter a nossa cultura e viver em paz na aldeia.\u201d A tarefa dos povos amaz\u00f3nicos de proteger a floresta \u00e9 fundamental para a humanidade.<\/p>\n<p>Neste sentido, os Yawanaw\u00e1, sobretudo os xam\u00e3s que viajaram pelo mundo, conhecem muito bem o modo de vida dos pa\u00edses ocidentais. Dizem que os esp\u00edritos na Europa dormem. \u00c9 por isso que se fala muito em despertar: n\u00f3s, humanos, somos respons\u00e1veis \u200b\u200bpor despertar os esp\u00edritos, por despertar uns aos outros, segundo a cosmovis\u00e3o Yawanaw\u00e1.<\/p>\n<p>Por isso, assumiram a miss\u00e3o de partilhar a sua pr\u00f3pria medicina com o mundo ocidental. As suas cerim\u00f3nias podem parecer muito grandes no mundo ocidental, mas \u00e9 a sua forma de dar mais oportunidades a mais pessoas para o acto essencial de recordar, de encontrar o seu pr\u00f3prio esp\u00edrito, de despertar.<\/p>\n<div class=\"row\"  id=\"row-890232577\">\n\n\n\t<div id=\"col-279822336\" class=\"col medium-6 small-12 large-6\"  >\n\t\t\t\t<div class=\"col-inner\"  >\n\t\t\t\n\t\t\t\n\n\t<div class=\"img has-hover x md-x lg-x y md-y lg-y\" id=\"image_1591035642\">\n\t\t\t\t\t\t\t\t<div class=\"img-inner image-cover dark\" style=\"padding-top:75%;\">\n\t\t\t<img loading=\"lazy\" decoding=\"async\" width=\"1020\" height=\"787\" src=\"https:\/\/www.sinchisinchi.com\/wp-content\/uploads\/2025\/01\/B-Tribu-Yawanawa17.jpeg\" class=\"attachment-large size-large\" alt=\"\" srcset=\"https:\/\/www.sinchisinchi.com\/wp-content\/uploads\/2025\/01\/B-Tribu-Yawanawa17.jpeg 1024w, https:\/\/www.sinchisinchi.com\/wp-content\/uploads\/2025\/01\/B-Tribu-Yawanawa17-600x463.jpeg 600w, https:\/\/www.sinchisinchi.com\/wp-content\/uploads\/2025\/01\/B-Tribu-Yawanawa17-768x593.jpeg 768w, https:\/\/www.sinchisinchi.com\/wp-content\/uploads\/2025\/01\/B-Tribu-Yawanawa17-247x191.jpeg 247w, https:\/\/www.sinchisinchi.com\/wp-content\/uploads\/2025\/01\/B-Tribu-Yawanawa17-510x393.jpeg 510w\" sizes=\"auto, (max-width: 1020px) 100vw, 1020px\" \/>\t\t\t\t\t\t\n\t\t\t\t\t<\/div>\n\t\t\t\t\t\t\t\t\n<style>\n#image_1591035642 {\n  width: 100%;\n}\n<\/style>\n\t<\/div>\n\t\n\n\n\t\t<\/div>\n\t\t\t\t\t<\/div>\n\n\t\n\n\t<div id=\"col-1121419580\" class=\"col medium-6 small-12 large-6\"  >\n\t\t\t\t<div class=\"col-inner\"  >\n\t\t\t\n\t\t\t\n\n\t<div class=\"img has-hover x md-x lg-x y md-y lg-y\" id=\"image_1809511377\">\n\t\t\t\t\t\t\t\t<div class=\"img-inner image-cover dark\" style=\"padding-top:75%;\">\n\t\t\t<img loading=\"lazy\" decoding=\"async\" width=\"1020\" height=\"680\" src=\"https:\/\/www.sinchisinchi.com\/wp-content\/uploads\/2025\/01\/B-Tribu-Yawanawa14-1024x683.jpeg\" class=\"attachment-large size-large\" alt=\"\" srcset=\"https:\/\/www.sinchisinchi.com\/wp-content\/uploads\/2025\/01\/B-Tribu-Yawanawa14-1024x683.jpeg 1024w, https:\/\/www.sinchisinchi.com\/wp-content\/uploads\/2025\/01\/B-Tribu-Yawanawa14-600x400.jpeg 600w, https:\/\/www.sinchisinchi.com\/wp-content\/uploads\/2025\/01\/B-Tribu-Yawanawa14-768x512.jpeg 768w, https:\/\/www.sinchisinchi.com\/wp-content\/uploads\/2025\/01\/B-Tribu-Yawanawa14-1536x1024.jpeg 1536w, https:\/\/www.sinchisinchi.com\/wp-content\/uploads\/2025\/01\/B-Tribu-Yawanawa14-247x165.jpeg 247w, https:\/\/www.sinchisinchi.com\/wp-content\/uploads\/2025\/01\/B-Tribu-Yawanawa14-510x340.jpeg 510w, https:\/\/www.sinchisinchi.com\/wp-content\/uploads\/2025\/01\/B-Tribu-Yawanawa14.jpeg 1890w\" sizes=\"auto, (max-width: 1020px) 100vw, 1020px\" \/>\t\t\t\t\t\t\n\t\t\t\t\t<\/div>\n\t\t\t\t\t\t\t\t\n<style>\n#image_1809511377 {\n  width: 100%;\n}\n<\/style>\n\t<\/div>\n\t\n\n\n\t\t<\/div>\n\t\t\t\t\t<\/div>\n\n\t\n\n<\/div>\n<p>\u201cAcredito que talvez o mundo ocidental possa aprender connosco a viver uma vida mais harmoniosa e em paz com o meio ambiente, combinando o conhecimento Yawanaw\u00e1 com as ideias ocidentais.\u201d -Bira.<\/p>\n<h2 style=\"text-align: center;\"><strong>Continuar a ler:<\/strong><\/h2>\n<a href=\"https:\/\/www.sinchisinchi.com\/pt-pt\/tribos\/yawanawa\/desafios\/\" class=\"button primary is-underline expand\" style=\"border-radius:9px;\">\n\t\t<span>Desafios Yawanaw\u00e1<\/span>\n\t<\/a>\n\n\n\n","protected":false},"excerpt":{"rendered":"","protected":false},"author":1,"featured_media":0,"parent":21919,"menu_order":0,"comment_status":"closed","ping_status":"closed","template":"","meta":{"_joinchat":[],"footnotes":""},"class_list":["post-26097","page","type-page","status-publish","hentry"],"yoast_head":"<!-- This site is optimized with the Yoast SEO plugin v27.4 - https:\/\/yoast.com\/product\/yoast-seo-wordpress\/ -->\n<title>Tribo Yawanaw\u00e1: Vida e Vis\u00e3o do Mundo<\/title>\n<meta name=\"description\" content=\"A vis\u00e3o do mundo Yawanaw\u00e1 fala de \u201cwak\u00e1n\u201d, que traduzem por alma. Para eles, constitui a for\u00e7a vital de todo o ser vivo.\" \/>\n<meta name=\"robots\" content=\"index, follow, max-snippet:-1, max-image-preview:large, max-video-preview:-1\" \/>\n<link rel=\"canonical\" href=\"https:\/\/www.sinchisinchi.com\/pt-pt\/tribos\/yawanawa\/visao-do-mundo\/\" \/>\n<meta property=\"og:locale\" content=\"pt_PT\" \/>\n<meta property=\"og:type\" content=\"article\" \/>\n<meta property=\"og:title\" content=\"Tribo Yawanaw\u00e1: Vida e Vis\u00e3o do Mundo\" \/>\n<meta property=\"og:description\" content=\"A vis\u00e3o do mundo Yawanaw\u00e1 fala de \u201cwak\u00e1n\u201d, que traduzem por alma. Para eles, constitui a for\u00e7a vital de todo o ser vivo.\" \/>\n<meta property=\"og:url\" content=\"https:\/\/www.sinchisinchi.com\/pt-pt\/tribos\/yawanawa\/visao-do-mundo\/\" \/>\n<meta property=\"og:site_name\" content=\"SINCHI RAP\u00c9\" \/>\n<meta property=\"article:publisher\" content=\"https:\/\/www.facebook.com\/sinchirape\/\" \/>\n<meta property=\"article:modified_time\" content=\"2026-03-04T14:04:27+00:00\" \/>\n<meta name=\"twitter:card\" content=\"summary_large_image\" \/>\n<meta name=\"twitter:label1\" content=\"Tempo estimado de leitura\" \/>\n\t<meta name=\"twitter:data1\" content=\"6 minutos\" \/>\n<script type=\"application\/ld+json\" class=\"yoast-schema-graph\">{\"@context\":\"https:\\\/\\\/schema.org\",\"@graph\":[{\"@type\":\"WebPage\",\"@id\":\"https:\\\/\\\/www.sinchisinchi.com\\\/pt-pt\\\/tribos\\\/yawanawa\\\/visao-do-mundo\\\/\",\"url\":\"https:\\\/\\\/www.sinchisinchi.com\\\/pt-pt\\\/tribos\\\/yawanawa\\\/visao-do-mundo\\\/\",\"name\":\"Tribo Yawanaw\u00e1: Vida e Vis\u00e3o do Mundo\",\"isPartOf\":{\"@id\":\"https:\\\/\\\/www.sinchisinchi.com\\\/pt-pt\\\/#website\"},\"datePublished\":\"2025-02-21T16:32:29+00:00\",\"dateModified\":\"2026-03-04T14:04:27+00:00\",\"description\":\"A vis\u00e3o do mundo Yawanaw\u00e1 fala de \u201cwak\u00e1n\u201d, que traduzem por alma. Para eles, constitui a for\u00e7a vital de todo o ser vivo.\",\"breadcrumb\":{\"@id\":\"https:\\\/\\\/www.sinchisinchi.com\\\/pt-pt\\\/tribos\\\/yawanawa\\\/visao-do-mundo\\\/#breadcrumb\"},\"inLanguage\":\"pt-PT\",\"potentialAction\":[{\"@type\":\"ReadAction\",\"target\":[\"https:\\\/\\\/www.sinchisinchi.com\\\/pt-pt\\\/tribos\\\/yawanawa\\\/visao-do-mundo\\\/\"]}]},{\"@type\":\"BreadcrumbList\",\"@id\":\"https:\\\/\\\/www.sinchisinchi.com\\\/pt-pt\\\/tribos\\\/yawanawa\\\/visao-do-mundo\\\/#breadcrumb\",\"itemListElement\":[{\"@type\":\"ListItem\",\"position\":1,\"name\":\"Prima pagina\",\"item\":\"https:\\\/\\\/www.sinchisinchi.com\\\/pt-pt\\\/\"},{\"@type\":\"ListItem\",\"position\":2,\"name\":\"Tribos Amaz\u00f3nicas\",\"item\":\"https:\\\/\\\/www.sinchisinchi.com\\\/pt-pt\\\/tribos\\\/\"},{\"@type\":\"ListItem\",\"position\":3,\"name\":\"Yawanaw\u00e1\",\"item\":\"https:\\\/\\\/www.sinchisinchi.com\\\/pt-pt\\\/tribos\\\/yawanawa\\\/\"},{\"@type\":\"ListItem\",\"position\":4,\"name\":\"Vis\u00e3o do Mundo\"}]},{\"@type\":\"WebSite\",\"@id\":\"https:\\\/\\\/www.sinchisinchi.com\\\/pt-pt\\\/#website\",\"url\":\"https:\\\/\\\/www.sinchisinchi.com\\\/pt-pt\\\/\",\"name\":\"SINCHI\",\"description\":\"Sinchi Medicine\",\"publisher\":{\"@id\":\"https:\\\/\\\/www.sinchisinchi.com\\\/pt-pt\\\/#organization\"},\"potentialAction\":[{\"@type\":\"SearchAction\",\"target\":{\"@type\":\"EntryPoint\",\"urlTemplate\":\"https:\\\/\\\/www.sinchisinchi.com\\\/pt-pt\\\/?s={search_term_string}\"},\"query-input\":{\"@type\":\"PropertyValueSpecification\",\"valueRequired\":true,\"valueName\":\"search_term_string\"}}],\"inLanguage\":\"pt-PT\"},{\"@type\":\"Organization\",\"@id\":\"https:\\\/\\\/www.sinchisinchi.com\\\/pt-pt\\\/#organization\",\"name\":\"SINCHI S.L\",\"url\":\"https:\\\/\\\/www.sinchisinchi.com\\\/pt-pt\\\/\",\"logo\":{\"@type\":\"ImageObject\",\"inLanguage\":\"pt-PT\",\"@id\":\"https:\\\/\\\/www.sinchisinchi.com\\\/pt-pt\\\/#\\\/schema\\\/logo\\\/image\\\/\",\"url\":\"https:\\\/\\\/www.sinchisinchi.com\\\/wp-content\\\/uploads\\\/2026\\\/01\\\/3b-Verde-SIMPLIFICADO-HORIZONTAL-F-TRANSPARENTE-scaled.png\",\"contentUrl\":\"https:\\\/\\\/www.sinchisinchi.com\\\/wp-content\\\/uploads\\\/2026\\\/01\\\/3b-Verde-SIMPLIFICADO-HORIZONTAL-F-TRANSPARENTE-scaled.png\",\"width\":2560,\"height\":457,\"caption\":\"SINCHI S.L\"},\"image\":{\"@id\":\"https:\\\/\\\/www.sinchisinchi.com\\\/pt-pt\\\/#\\\/schema\\\/logo\\\/image\\\/\"},\"sameAs\":[\"https:\\\/\\\/www.facebook.com\\\/sinchirape\\\/\",\"https:\\\/\\\/www.instagram.com\\\/sinchi_rape\\\/\"]}]}<\/script>\n<!-- \/ Yoast SEO plugin. -->","yoast_head_json":{"title":"Tribo Yawanaw\u00e1: Vida e Vis\u00e3o do Mundo","description":"A vis\u00e3o do mundo Yawanaw\u00e1 fala de \u201cwak\u00e1n\u201d, que traduzem por alma. Para eles, constitui a for\u00e7a vital de todo o ser vivo.","robots":{"index":"index","follow":"follow","max-snippet":"max-snippet:-1","max-image-preview":"max-image-preview:large","max-video-preview":"max-video-preview:-1"},"canonical":"https:\/\/www.sinchisinchi.com\/pt-pt\/tribos\/yawanawa\/visao-do-mundo\/","og_locale":"pt_PT","og_type":"article","og_title":"Tribo Yawanaw\u00e1: Vida e Vis\u00e3o do Mundo","og_description":"A vis\u00e3o do mundo Yawanaw\u00e1 fala de \u201cwak\u00e1n\u201d, que traduzem por alma. Para eles, constitui a for\u00e7a vital de todo o ser vivo.","og_url":"https:\/\/www.sinchisinchi.com\/pt-pt\/tribos\/yawanawa\/visao-do-mundo\/","og_site_name":"SINCHI RAP\u00c9","article_publisher":"https:\/\/www.facebook.com\/sinchirape\/","article_modified_time":"2026-03-04T14:04:27+00:00","twitter_card":"summary_large_image","twitter_misc":{"Tempo estimado de leitura":"6 minutos"},"schema":{"@context":"https:\/\/schema.org","@graph":[{"@type":"WebPage","@id":"https:\/\/www.sinchisinchi.com\/pt-pt\/tribos\/yawanawa\/visao-do-mundo\/","url":"https:\/\/www.sinchisinchi.com\/pt-pt\/tribos\/yawanawa\/visao-do-mundo\/","name":"Tribo Yawanaw\u00e1: Vida e Vis\u00e3o do Mundo","isPartOf":{"@id":"https:\/\/www.sinchisinchi.com\/pt-pt\/#website"},"datePublished":"2025-02-21T16:32:29+00:00","dateModified":"2026-03-04T14:04:27+00:00","description":"A vis\u00e3o do mundo Yawanaw\u00e1 fala de \u201cwak\u00e1n\u201d, que traduzem por alma. Para eles, constitui a for\u00e7a vital de todo o ser vivo.","breadcrumb":{"@id":"https:\/\/www.sinchisinchi.com\/pt-pt\/tribos\/yawanawa\/visao-do-mundo\/#breadcrumb"},"inLanguage":"pt-PT","potentialAction":[{"@type":"ReadAction","target":["https:\/\/www.sinchisinchi.com\/pt-pt\/tribos\/yawanawa\/visao-do-mundo\/"]}]},{"@type":"BreadcrumbList","@id":"https:\/\/www.sinchisinchi.com\/pt-pt\/tribos\/yawanawa\/visao-do-mundo\/#breadcrumb","itemListElement":[{"@type":"ListItem","position":1,"name":"Prima pagina","item":"https:\/\/www.sinchisinchi.com\/pt-pt\/"},{"@type":"ListItem","position":2,"name":"Tribos Amaz\u00f3nicas","item":"https:\/\/www.sinchisinchi.com\/pt-pt\/tribos\/"},{"@type":"ListItem","position":3,"name":"Yawanaw\u00e1","item":"https:\/\/www.sinchisinchi.com\/pt-pt\/tribos\/yawanawa\/"},{"@type":"ListItem","position":4,"name":"Vis\u00e3o do Mundo"}]},{"@type":"WebSite","@id":"https:\/\/www.sinchisinchi.com\/pt-pt\/#website","url":"https:\/\/www.sinchisinchi.com\/pt-pt\/","name":"SINCHI","description":"Sinchi Medicine","publisher":{"@id":"https:\/\/www.sinchisinchi.com\/pt-pt\/#organization"},"potentialAction":[{"@type":"SearchAction","target":{"@type":"EntryPoint","urlTemplate":"https:\/\/www.sinchisinchi.com\/pt-pt\/?s={search_term_string}"},"query-input":{"@type":"PropertyValueSpecification","valueRequired":true,"valueName":"search_term_string"}}],"inLanguage":"pt-PT"},{"@type":"Organization","@id":"https:\/\/www.sinchisinchi.com\/pt-pt\/#organization","name":"SINCHI S.L","url":"https:\/\/www.sinchisinchi.com\/pt-pt\/","logo":{"@type":"ImageObject","inLanguage":"pt-PT","@id":"https:\/\/www.sinchisinchi.com\/pt-pt\/#\/schema\/logo\/image\/","url":"https:\/\/www.sinchisinchi.com\/wp-content\/uploads\/2026\/01\/3b-Verde-SIMPLIFICADO-HORIZONTAL-F-TRANSPARENTE-scaled.png","contentUrl":"https:\/\/www.sinchisinchi.com\/wp-content\/uploads\/2026\/01\/3b-Verde-SIMPLIFICADO-HORIZONTAL-F-TRANSPARENTE-scaled.png","width":2560,"height":457,"caption":"SINCHI S.L"},"image":{"@id":"https:\/\/www.sinchisinchi.com\/pt-pt\/#\/schema\/logo\/image\/"},"sameAs":["https:\/\/www.facebook.com\/sinchirape\/","https:\/\/www.instagram.com\/sinchi_rape\/"]}]}},"_links":{"self":[{"href":"https:\/\/www.sinchisinchi.com\/pt-pt\/wp-json\/wp\/v2\/pages\/26097","targetHints":{"allow":["GET"]}}],"collection":[{"href":"https:\/\/www.sinchisinchi.com\/pt-pt\/wp-json\/wp\/v2\/pages"}],"about":[{"href":"https:\/\/www.sinchisinchi.com\/pt-pt\/wp-json\/wp\/v2\/types\/page"}],"author":[{"embeddable":true,"href":"https:\/\/www.sinchisinchi.com\/pt-pt\/wp-json\/wp\/v2\/users\/1"}],"replies":[{"embeddable":true,"href":"https:\/\/www.sinchisinchi.com\/pt-pt\/wp-json\/wp\/v2\/comments?post=26097"}],"version-history":[{"count":2,"href":"https:\/\/www.sinchisinchi.com\/pt-pt\/wp-json\/wp\/v2\/pages\/26097\/revisions"}],"predecessor-version":[{"id":30117,"href":"https:\/\/www.sinchisinchi.com\/pt-pt\/wp-json\/wp\/v2\/pages\/26097\/revisions\/30117"}],"up":[{"embeddable":true,"href":"https:\/\/www.sinchisinchi.com\/pt-pt\/wp-json\/wp\/v2\/pages\/21919"}],"wp:attachment":[{"href":"https:\/\/www.sinchisinchi.com\/pt-pt\/wp-json\/wp\/v2\/media?parent=26097"}],"curies":[{"name":"wp","href":"https:\/\/api.w.org\/{rel}","templated":true}]}}